{"id":93,"date":"2016-09-23T17:10:37","date_gmt":"2016-09-23T15:10:37","guid":{"rendered":"http:\/\/amisduchateau.fr\/sacm\/?page_id=93"},"modified":"2025-08-27T22:32:51","modified_gmt":"2025-08-27T20:32:51","slug":"la-sacm","status":"publish","type":"page","link":"https:\/\/amisduchateau.fr\/sacm\/la-sacm\/","title":{"rendered":"L&rsquo;association"},"content":{"rendered":"\n<h3 class=\"wp-block-heading has-text-align-center\">\nSoci\u00e9t\u00e9 des Amis du Ch\u00e2teau de Maisons<\/h3>\n\n\n<div class=\"wp-block-image\">\n<figure class=\"aligncenter\"><img loading=\"lazy\" decoding=\"async\" width=\"200\" height=\"92\" src=\"https:\/\/amisduchateau.fr\/sacm\/wp-content\/uploads\/2016\/09\/logoSACMsmall.jpg\" alt=\"\" class=\"wp-image-122\"\/><\/figure>\n<\/div>\n\n\n<h4 class=\"wp-block-heading has-text-align-center\"> HISTOIRE &#8211; CULTURE &#8211; PATRIMOINE<\/h4>\n\n\n\n<p>Une grande association culturelle ouverte \u00e0 tous.<\/p>\n\n\n\n<p><strong>Des activit\u00e9s culturelles nombreuses et vari\u00e9es :<\/strong><\/p>\n\n\n\n<ul class=\"wp-block-list\">\n<li>Conf\u00e9rences, colloques, expositions, journ\u00e9es d&rsquo;\u00e9tude&#8230;<\/li>\n\n\n\n<li>Th\u00e8mes diversifi\u00e9s en histoire, histoire de l&rsquo;Art, litt\u00e9rature ;<\/li>\n\n\n\n<li>Sorties, visites et voyages culturels.<\/li>\n<\/ul>\n\n\n\n<p class=\"has-text-align-center\"><a href=\"http:\/\/amisduchateau.fr\/sacm\/wp-content\/uploads\/2025\/08\/Programme-SACM-2025-2026.pdf\" target=\"_blank\" rel=\"noreferrer noopener\">Programme de la saison<\/a><\/p>\n\n\n\n<p><strong>Histoire :<\/strong><\/p>\n\n\n\n<ul class=\"wp-block-list\">\n<li>Nombreuses conf\u00e9rences par des historiens sp\u00e9cialistes ;<\/li>\n\n\n\n<li>Publication d&rsquo;articles sur l&rsquo;histoire du ch\u00e2teau et sur l&rsquo;histoire locale.<\/li>\n<\/ul>\n\n\n\n<p><strong>Articles historiques :<\/strong><\/p>\n\n\n\n<ul class=\"wp-block-list\">\n<li>D\u00e9veloppement de recherches historiques locales (Cercle historique).<\/li>\n<\/ul>\n\n\n\n<p><strong>La mise en valeur du Ch\u00e2teau de Maisons :<\/strong><\/p>\n\n\n\n<ul class=\"wp-block-list\">\n<li>Association tourn\u00e9e vers la protection du ch\u00e2teau et de son environnement ;<\/li>\n\n\n\n<li>Action permanente pour favoriser la mise en valeur du monument et contribuer \u00e0 son animation.<\/li>\n<\/ul>\n\n\n\n<h3 class=\"wp-block-heading has-text-align-center\">Rejoignez les \u00ab\u00a0Amis du Ch\u00e2teau\u00a0\u00bb !<\/h3>\n\n\n\n<p>En devenant \u00a0\u00bb Ami du Ch\u00e2teau \u00a0\u00bb vous apporterez votre soutien \u00e0 l&rsquo;action men\u00e9e en faveur du monument.<\/p>\n\n\n\n<p><strong>Votre adh\u00e9sion vous permettra de :<\/strong><\/p>\n\n\n\n<ul class=\"wp-block-list\">\n<li>B\u00e9n\u00e9ficier de tarifs r\u00e9duits pour les conf\u00e9rences et colloques ;<\/li>\n\n\n\n<li>Participer aux sorties, visites et voyages culturels ;<\/li>\n\n\n\n<li>Recevoir toutes les publications de l&rsquo;association ;<\/li>\n\n\n\n<li>B\u00e9n\u00e9ficier de l&rsquo;entr\u00e9e gratuite et permanente au ch\u00e2teau.<\/li>\n<\/ul>\n\n\n\n<p>Association membre de la F\u00e9d\u00e9ration des Soci\u00e9t\u00e9s historiques des Yvelines et de la F\u00e9d\u00e9ration des Soci\u00e9t\u00e9s historiques de Paris et de l&rsquo;\u00eele-de-France.<\/p>\n\n\n\n<p><strong>Une association reconnue d&rsquo;utilit\u00e9 publique :<\/strong><\/p>\n\n\n\n<ul class=\"wp-block-list\">\n<li>Les cotisations et dons \u00e0 la Soci\u00e9t\u00e9 des Amis du Ch\u00e2teau de Maisons, association reconnue d&rsquo;utilit\u00e9 publique, donnent droit \u00e0 une d\u00e9duction fiscale au titre de l&rsquo;imp\u00f4t sur le revenu ;<\/li>\n\n\n\n<li>Un justificatif annuel est fourni pour chaque adh\u00e9sion \u00e0 l&rsquo;association.<\/li>\n<\/ul>\n\n\n\n<p>La Soci\u00e9t\u00e9 des Amis du Ch\u00e2teau de Maisons consititue la Soci\u00e9t\u00e9 historique de Maisons-Laffitte. Son cercle historique r\u00e9unit toutes les personnes qui souhaitent s&rsquo;investir dans des recherches personnelles sur l&rsquo;histoire du ch\u00e2teau et sur l&rsquo;histoire de Maisons-Laffitte et de sa r\u00e9gion.<\/p>\n\n\n\n<p>La Soci\u00e9t\u00e9 des Amis du Ch\u00e2teau de Maisons a \u00e9t\u00e9 cr\u00e9e en 1909. Elle rassemble aujourd&rsquo;hui pr\u00e8s de 600 adh\u00e9rents.<\/p>\n\n\n\n<p>Les programmes d&rsquo;activit\u00e9s : conf\u00e9rences, colloques, sorties culturelles vous sont adress\u00e9s sur simple demande.<\/p>\n\n\n\n<h4 class=\"wp-block-heading\"><strong>Conseil d&rsquo;Administration<\/strong><\/h4>\n\n\n\n<h5 class=\"wp-block-heading\">Le bureau :<\/h5>\n\n\n\n<figure class=\"wp-block-table is-style-stripes\" style=\"font-size:16px\"><table><tbody><tr><td>Chantal BAYEUX<\/td><td>pr\u00e9sidente<\/td><\/tr><tr><td>Philippe CHARTIER<\/td><td>vice-pr\u00e9sident<\/td><\/tr><tr><td>Myriam LABOLLE<\/td><td>secr\u00e9taire g\u00e9n\u00e9ral<\/td><\/tr><tr><td>Philippe GAUTUN<\/td><td>tr\u00e9sorier<\/td><\/tr><\/tbody><\/table><\/figure>\n\n\n\n<h5 class=\"wp-block-heading\">Autres membres :<\/h5>\n\n\n\n<figure class=\"wp-block-table is-style-stripes\" style=\"font-size:16px\"><table><tbody><tr><td>Michel BARBIER<\/td><td><\/td><\/tr><tr><td>Jean BASTIE<\/td><td>pr\u00e9sident des Amis de l\u2019Histoire de Sartrouville<\/td><\/tr><tr><td>Odile BORDAZ<\/td><td>conservateur du patrimoine<\/td><\/tr><tr><td>Annie CHARON<\/td><td><\/td><\/tr><tr><td>Christ\u00e8le COLOMBIER<\/td><td>Maire adjointe \u00e0 la culture du Mesnil-le-Roi<\/td><\/tr><tr><td>Walfroy GUIHARD<\/td><td><\/td><\/tr><tr><td>G\u00e9rard IFKER<\/td><td><\/td><\/tr><tr><td>Jean-Fran\u00e7ois LEFEVRE<\/td><td><\/td><\/tr><tr><td>Claude MALENGREAU<\/td><td><\/td><\/tr><tr><td>Jacques MAREC<\/td><td>pr\u00e9sident d\u2019honneur<\/td><\/tr><tr><td>G\u00e9rard MORIN<\/td><td><\/td><\/tr><tr><td>Elisabeth NESSI<\/td><td><\/td><\/tr><tr><td>Patrick POULAILLER<\/td><td>tr\u00e9sorier des Amis de l\u2019Histoire de Sartrouville<\/td><\/tr><tr><td>B\u00e9atrice VIVIEN<\/td><td>Maire adjointe \u00e0 la culture de Maisons-Laffitte<\/td><\/tr><tr><td>Maud WERQUIN<\/td><td><\/td><\/tr><\/tbody><\/table><\/figure>\n","protected":false},"excerpt":{"rendered":"<p>Soci\u00e9t\u00e9 des Amis du Ch\u00e2teau de Maisons HISTOIRE &#8211; CULTURE &#8211; PATRIMOINE Une grande association culturelle ouverte \u00e0 tous. Des activit\u00e9s culturelles nombreuses et vari\u00e9es : Programme de la saison Histoire : Articles historiques : La mise en valeur du Ch\u00e2teau de Maisons : Rejoignez &hellip; <\/p>\n","protected":false},"author":1,"featured_media":0,"parent":0,"menu_order":0,"comment_status":"closed","ping_status":"closed","template":"","meta":{"_vp_format_video_url":"","_vp_image_focal_point":[],"footnotes":""},"class_list":["post-93","page","type-page","status-publish","hentry"],"_links":{"self":[{"href":"https:\/\/amisduchateau.fr\/sacm\/wp-json\/wp\/v2\/pages\/93","targetHints":{"allow":["GET"]}}],"collection":[{"href":"https:\/\/amisduchateau.fr\/sacm\/wp-json\/wp\/v2\/pages"}],"about":[{"href":"https:\/\/amisduchateau.fr\/sacm\/wp-json\/wp\/v2\/types\/page"}],"author":[{"embeddable":true,"href":"https:\/\/amisduchateau.fr\/sacm\/wp-json\/wp\/v2\/users\/1"}],"replies":[{"embeddable":true,"href":"https:\/\/amisduchateau.fr\/sacm\/wp-json\/wp\/v2\/comments?post=93"}],"version-history":[{"count":61,"href":"https:\/\/amisduchateau.fr\/sacm\/wp-json\/wp\/v2\/pages\/93\/revisions"}],"predecessor-version":[{"id":3669,"href":"https:\/\/amisduchateau.fr\/sacm\/wp-json\/wp\/v2\/pages\/93\/revisions\/3669"}],"wp:attachment":[{"href":"https:\/\/amisduchateau.fr\/sacm\/wp-json\/wp\/v2\/media?parent=93"}],"curies":[{"name":"wp","href":"https:\/\/api.w.org\/{rel}","templated":true}]}}